{"id":97,"date":"2017-03-08T11:33:17","date_gmt":"2017-03-08T10:33:17","guid":{"rendered":"https:\/\/tsipisek.eu\/?page_id=97"},"modified":"2017-03-15T12:14:08","modified_gmt":"2017-03-15T11:14:08","slug":"blog","status":"publish","type":"page","link":"https:\/\/tsipisek.eu\/index.php\/blog\/","title":{"rendered":"Blog"},"content":{"rendered":"<div  data-autoplay=''  data-interval='5'  data-animation='fade'  data-show_slide_delay='90'  class='avia-content-slider avia-content-grid-active avia-content-slider1 avia-content-slider-even  '  itemscope=\"itemscope\" itemtype=\"https:\/\/schema.org\/Blog\" ><div class='avia-content-slider-inner'><div class='slide-entry-wrap'><article class='slide-entry flex_column  post-entry post-entry-246 slide-entry-overview slide-loop-1 slide-parity-odd  av_one_fourth first real-thumbnail'  itemscope=\"itemscope\" itemtype=\"https:\/\/schema.org\/BlogPosting\" itemprop=\"blogPost\" ><a href='https:\/\/tsipisek.eu\/index.php\/2017\/10\/09\/strakonicky-hrad-ozil-elektromobilitou\/' data-rel='slide-1' class='slide-image' title=''><img loading=\"lazy\" decoding=\"async\" width=\"260\" height=\"185\" src=\"https:\/\/tsipisek.eu\/wp-content\/uploads\/2017\/10\/20171004_170507-260x185.jpeg\" class=\"attachment-portfolio_small size-portfolio_small wp-post-image\" alt=\"\" \/><\/a><div class='slide-content'><header class=\"entry-content-header\"><h3 class='slide-entry-title entry-title'  itemprop=\"headline\" ><a href='https:\/\/tsipisek.eu\/index.php\/2017\/10\/09\/strakonicky-hrad-ozil-elektromobilitou\/' title='Strakonick\u00fd hrad o\u017eil elektromobilitou!'>Strakonick\u00fd hrad o\u017eil elektromobilitou!<\/a><\/h3><span class=\"av-vertical-delimiter\"><\/span><\/header><div class='slide-meta'><time class='slide-meta-time updated'  itemprop=\"datePublished\" datetime=\"2017-10-09T10:27:30+02:00\" >9.10.2017<\/time><\/div><div class='slide-entry-excerpt entry-content'  itemprop=\"text\" >\r\n\r\n\r\n\r\n<div class=\"read-more-link\"><a href=\"https:\/\/tsipisek.eu\/index.php\/2017\/10\/09\/strakonicky-hrad-ozil-elektromobilitou\/\" class=\"more-link\">Read more<span class=\"more-link-arrow\"><\/span><\/a><\/div><\/div><\/div><footer class=\"entry-footer\"><\/footer><span class='hidden'>\n\t\t\t<span class='av-structured-data'  itemscope=\"itemscope\" itemtype=\"https:\/\/schema.org\/ImageObject\"  itemprop='image'>\n\t\t\t\t\t   <span itemprop='url' >https:\/\/tsipisek.eu\/wp-content\/uploads\/2017\/10\/20171004_170507.jpeg<\/span>\n\t\t\t\t\t   <span itemprop='height' >361<\/span>\n\t\t\t\t\t   <span itemprop='width' >640<\/span>\n\t\t\t\t  <\/span><span class='av-structured-data'  itemprop=\"publisher\" itemtype=\"https:\/\/schema.org\/Organization\" itemscope=\"itemscope\" >\n\t\t\t\t<span itemprop='name'>noc<\/span>\n\t\t\t\t<span itemprop='logo' itemscope itemtype='http:\/\/schema.org\/ImageObject'>\n\t\t\t\t   <span itemprop='url'>https:\/\/tsipisek.eu\/wp-content\/uploads\/2017\/02\/TSI-300x290.png<\/span>\n\t\t\t\t <\/span>\n\t\t\t  <\/span><span class='av-structured-data'  itemprop=\"author\" itemscope=\"itemscope\" itemtype=\"https:\/\/schema.org\/Person\" ><span itemprop='name'>noc<\/span><\/span><span class='av-structured-data'  itemprop=\"datePublished\" datetime=\"2017-03-15T11:45:38+01:00\" >2017-10-09 10:27:30<\/span><span class='av-structured-data'  itemprop=\"dateModified\" itemtype=\"https:\/\/schema.org\/dateModified\" >2017-10-12 10:36:23<\/span><span class='av-structured-data'  itemprop=\"mainEntityOfPage\" itemtype=\"https:\/\/schema.org\/mainEntityOfPage\" ><span itemprop='name'>Strakonick\u00fd hrad o\u017eil elektromobilitou!<\/span><\/span><\/span><\/article><article class='slide-entry flex_column  post-entry post-entry-241 slide-entry-overview slide-loop-2 slide-parity-even  av_one_fourth  real-thumbnail'  itemscope=\"itemscope\" itemtype=\"https:\/\/schema.org\/BlogPosting\" itemprop=\"blogPost\" ><a href='https:\/\/tsipisek.eu\/index.php\/2017\/10\/09\/workshop-v-pisku-sklidil-uspech\/' data-rel='slide-1' class='slide-image' title=''><img loading=\"lazy\" decoding=\"async\" width=\"260\" height=\"185\" src=\"https:\/\/tsipisek.eu\/wp-content\/uploads\/2017\/10\/20170927_112423-e1507537198618-260x185.jpg\" class=\"attachment-portfolio_small size-portfolio_small wp-post-image\" alt=\"\" \/><\/a><div class='slide-content'><header class=\"entry-content-header\"><h3 class='slide-entry-title entry-title'  itemprop=\"headline\" ><a href='https:\/\/tsipisek.eu\/index.php\/2017\/10\/09\/workshop-v-pisku-sklidil-uspech\/' title='1. workshop projektu e-Road P\u00edsek - Deggendorf sklidil \u00fasp\u011bch!'>1. workshop projektu e-Road P\u00edsek - Deggendorf sklidil \u00fasp\u011bch!<\/a><\/h3><span class=\"av-vertical-delimiter\"><\/span><\/header><div class='slide-meta'><time class='slide-meta-time updated'  itemprop=\"datePublished\" datetime=\"2017-10-09T10:16:37+02:00\" >9.10.2017<\/time><\/div><div class='slide-entry-excerpt entry-content'  itemprop=\"text\" >\r\n\r\n\r\n\r\n<div class=\"read-more-link\"><a href=\"https:\/\/tsipisek.eu\/index.php\/2017\/10\/09\/workshop-v-pisku-sklidil-uspech\/\" class=\"more-link\">Read more<span class=\"more-link-arrow\"><\/span><\/a><\/div><\/div><\/div><footer class=\"entry-footer\"><\/footer><span class='hidden'>\n\t\t\t<span class='av-structured-data'  itemscope=\"itemscope\" itemtype=\"https:\/\/schema.org\/ImageObject\"  itemprop='image'>\n\t\t\t\t\t   <span itemprop='url' >https:\/\/tsipisek.eu\/wp-content\/uploads\/2017\/10\/20170927_112423-e1507537198618.jpg<\/span>\n\t\t\t\t\t   <span itemprop='height' >1840<\/span>\n\t\t\t\t\t   <span itemprop='width' >3264<\/span>\n\t\t\t\t  <\/span><span class='av-structured-data'  itemprop=\"publisher\" itemtype=\"https:\/\/schema.org\/Organization\" itemscope=\"itemscope\" >\n\t\t\t\t<span itemprop='name'>noc<\/span>\n\t\t\t\t<span itemprop='logo' itemscope itemtype='http:\/\/schema.org\/ImageObject'>\n\t\t\t\t   <span itemprop='url'>https:\/\/tsipisek.eu\/wp-content\/uploads\/2017\/02\/TSI-300x290.png<\/span>\n\t\t\t\t <\/span>\n\t\t\t  <\/span><span class='av-structured-data'  itemprop=\"author\" itemscope=\"itemscope\" itemtype=\"https:\/\/schema.org\/Person\" ><span itemprop='name'>noc<\/span><\/span><span class='av-structured-data'  itemprop=\"datePublished\" datetime=\"2017-03-15T11:45:38+01:00\" >2017-10-09 10:16:37<\/span><span class='av-structured-data'  itemprop=\"dateModified\" itemtype=\"https:\/\/schema.org\/dateModified\" >2017-10-09 11:20:16<\/span><span class='av-structured-data'  itemprop=\"mainEntityOfPage\" itemtype=\"https:\/\/schema.org\/mainEntityOfPage\" ><span itemprop='name'>1. workshop projektu e-Road P\u00edsek - Deggendorf sklidil \u00fasp\u011bch!<\/span><\/span><\/span><\/article><article class='slide-entry flex_column  post-entry post-entry-216 slide-entry-overview slide-loop-3 slide-parity-odd  av_one_fourth  real-thumbnail'  itemscope=\"itemscope\" itemtype=\"https:\/\/schema.org\/BlogPosting\" itemprop=\"blogPost\" ><a href='https:\/\/tsipisek.eu\/index.php\/2017\/09\/11\/tcp-ziskalo-elektromobil-k-firemnimu-vyuzivani\/' data-rel='slide-1' class='slide-image' title=''><img loading=\"lazy\" decoding=\"async\" width=\"260\" height=\"185\" src=\"https:\/\/tsipisek.eu\/wp-content\/uploads\/2017\/09\/Smart-ed-260x185.jpg\" class=\"attachment-portfolio_small size-portfolio_small wp-post-image\" alt=\"\" \/><\/a><div class='slide-content'><header class=\"entry-content-header\"><h3 class='slide-entry-title entry-title'  itemprop=\"headline\" ><a href='https:\/\/tsipisek.eu\/index.php\/2017\/09\/11\/tcp-ziskalo-elektromobil-k-firemnimu-vyuzivani\/' title='Spole\u010dnost E.ON zap\u016fj\u010dila elektromobil Smart ed!'>Spole\u010dnost E.ON zap\u016fj\u010dila elektromobil Smart ed!<\/a><\/h3><span class=\"av-vertical-delimiter\"><\/span><\/header><div class='slide-meta'><time class='slide-meta-time updated'  itemprop=\"datePublished\" datetime=\"2017-09-11T09:42:18+02:00\" >11.9.2017<\/time><\/div><div class='slide-entry-excerpt entry-content'  itemprop=\"text\" ><div class=\"read-more-link\"><a href=\"https:\/\/tsipisek.eu\/index.php\/2017\/09\/11\/tcp-ziskalo-elektromobil-k-firemnimu-vyuzivani\/\" class=\"more-link\">Read more<span class=\"more-link-arrow\"><\/span><\/a><\/div><\/div><\/div><footer class=\"entry-footer\"><\/footer><span class='hidden'>\n\t\t\t<span class='av-structured-data'  itemscope=\"itemscope\" itemtype=\"https:\/\/schema.org\/ImageObject\"  itemprop='image'>\n\t\t\t\t\t   <span itemprop='url' >https:\/\/tsipisek.eu\/wp-content\/uploads\/2017\/09\/Smart-ed.jpg<\/span>\n\t\t\t\t\t   <span itemprop='height' >288<\/span>\n\t\t\t\t\t   <span itemprop='width' >512<\/span>\n\t\t\t\t  <\/span><span class='av-structured-data'  itemprop=\"publisher\" itemtype=\"https:\/\/schema.org\/Organization\" itemscope=\"itemscope\" >\n\t\t\t\t<span itemprop='name'>noc<\/span>\n\t\t\t\t<span itemprop='logo' itemscope itemtype='http:\/\/schema.org\/ImageObject'>\n\t\t\t\t   <span itemprop='url'>https:\/\/tsipisek.eu\/wp-content\/uploads\/2017\/02\/TSI-300x290.png<\/span>\n\t\t\t\t <\/span>\n\t\t\t  <\/span><span class='av-structured-data'  itemprop=\"author\" itemscope=\"itemscope\" itemtype=\"https:\/\/schema.org\/Person\" ><span itemprop='name'>noc<\/span><\/span><span class='av-structured-data'  itemprop=\"datePublished\" datetime=\"2017-03-15T11:45:38+01:00\" >2017-09-11 09:42:18<\/span><span class='av-structured-data'  itemprop=\"dateModified\" itemtype=\"https:\/\/schema.org\/dateModified\" >2017-09-11 11:54:14<\/span><span class='av-structured-data'  itemprop=\"mainEntityOfPage\" itemtype=\"https:\/\/schema.org\/mainEntityOfPage\" ><span itemprop='name'>Spole\u010dnost E.ON zap\u016fj\u010dila elektromobil Smart ed!<\/span><\/span><\/span><\/article><article class='slide-entry flex_column  post-entry post-entry-195 slide-entry-overview slide-loop-4 slide-parity-even  av_one_fourth  real-thumbnail'  itemscope=\"itemscope\" itemtype=\"https:\/\/schema.org\/BlogPosting\" itemprop=\"blogPost\" ><a href='https:\/\/tsipisek.eu\/index.php\/2017\/08\/23\/zveme-vas-na-seminare-o-elektromobilite\/' data-rel='slide-1' class='slide-image' title=''><img loading=\"lazy\" decoding=\"async\" width=\"260\" height=\"185\" src=\"https:\/\/tsipisek.eu\/wp-content\/uploads\/2017\/08\/3-260x185.jpg\" class=\"attachment-portfolio_small size-portfolio_small wp-post-image\" alt=\"\" \/><\/a><div class='slide-content'><header class=\"entry-content-header\"><h3 class='slide-entry-title entry-title'  itemprop=\"headline\" ><a href='https:\/\/tsipisek.eu\/index.php\/2017\/08\/23\/zveme-vas-na-seminare-o-elektromobilite\/' title='Zveme V\u00e1s na semin\u00e1\u0159e o elektromobilit\u011b!'>Zveme V\u00e1s na semin\u00e1\u0159e o elektromobilit\u011b!<\/a><\/h3><span class=\"av-vertical-delimiter\"><\/span><\/header><div class='slide-meta'><time class='slide-meta-time updated'  itemprop=\"datePublished\" datetime=\"2017-08-23T17:52:33+02:00\" >23.8.2017<\/time><\/div><div class='slide-entry-excerpt entry-content'  itemprop=\"text\" >\r\n\r\n<div class=\"read-more-link\"><a href=\"https:\/\/tsipisek.eu\/index.php\/2017\/08\/23\/zveme-vas-na-seminare-o-elektromobilite\/\" class=\"more-link\">Read more<span class=\"more-link-arrow\"><\/span><\/a><\/div><\/div><\/div><footer class=\"entry-footer\"><\/footer><span class='hidden'>\n\t\t\t<span class='av-structured-data'  itemscope=\"itemscope\" itemtype=\"https:\/\/schema.org\/ImageObject\"  itemprop='image'>\n\t\t\t\t\t   <span itemprop='url' >https:\/\/tsipisek.eu\/wp-content\/uploads\/2017\/08\/3.jpg<\/span>\n\t\t\t\t\t   <span itemprop='height' >1280<\/span>\n\t\t\t\t\t   <span itemprop='width' >1920<\/span>\n\t\t\t\t  <\/span><span class='av-structured-data'  itemprop=\"publisher\" itemtype=\"https:\/\/schema.org\/Organization\" itemscope=\"itemscope\" >\n\t\t\t\t<span itemprop='name'>noc<\/span>\n\t\t\t\t<span itemprop='logo' itemscope itemtype='http:\/\/schema.org\/ImageObject'>\n\t\t\t\t   <span itemprop='url'>https:\/\/tsipisek.eu\/wp-content\/uploads\/2017\/02\/TSI-300x290.png<\/span>\n\t\t\t\t <\/span>\n\t\t\t  <\/span><span class='av-structured-data'  itemprop=\"author\" itemscope=\"itemscope\" itemtype=\"https:\/\/schema.org\/Person\" ><span itemprop='name'>noc<\/span><\/span><span class='av-structured-data'  itemprop=\"datePublished\" datetime=\"2017-03-15T11:45:38+01:00\" >2017-08-23 17:52:33<\/span><span class='av-structured-data'  itemprop=\"dateModified\" itemtype=\"https:\/\/schema.org\/dateModified\" >2017-08-24 07:26:54<\/span><span class='av-structured-data'  itemprop=\"mainEntityOfPage\" itemtype=\"https:\/\/schema.org\/mainEntityOfPage\" ><span itemprop='name'>Zveme V\u00e1s na semin\u00e1\u0159e o elektromobilit\u011b!<\/span><\/span><\/span><\/article><\/div><div class='slide-entry-wrap'><article class='slide-entry flex_column  post-entry post-entry-178 slide-entry-overview slide-loop-5 slide-parity-odd  av_one_fourth first real-thumbnail'  itemscope=\"itemscope\" itemtype=\"https:\/\/schema.org\/BlogPosting\" itemprop=\"blogPost\" ><a href='https:\/\/tsipisek.eu\/index.php\/2017\/05\/23\/webove-stranky-projektu-spatrily-svetlo-sveta\/' data-rel='slide-1' class='slide-image' title=''><img loading=\"lazy\" decoding=\"async\" width=\"260\" height=\"185\" src=\"https:\/\/tsipisek.eu\/wp-content\/uploads\/2017\/05\/2-kopie-260x185.png\" class=\"attachment-portfolio_small size-portfolio_small wp-post-image\" alt=\"\" \/><\/a><div class='slide-content'><header class=\"entry-content-header\"><h3 class='slide-entry-title entry-title'  itemprop=\"headline\" ><a href='https:\/\/tsipisek.eu\/index.php\/2017\/05\/23\/webove-stranky-projektu-spatrily-svetlo-sveta\/' title='Webov\u00e9 str\u00e1nky projektu e-Road spat\u0159ily sv\u011btlo sv\u011bta'>Webov\u00e9 str\u00e1nky projektu e-Road spat\u0159ily sv\u011btlo sv\u011bta<\/a><\/h3><span class=\"av-vertical-delimiter\"><\/span><\/header><div class='slide-meta'><time class='slide-meta-time updated'  itemprop=\"datePublished\" datetime=\"2017-05-23T08:05:11+02:00\" >23.5.2017<\/time><\/div><div class='slide-entry-excerpt entry-content'  itemprop=\"text\" >Tak jako je jaro symbolem znovuzrozen\u00ed a probouzen\u00ed se p\u0159\u00edrody,\u2026<div class=\"read-more-link\"><a href=\"https:\/\/tsipisek.eu\/index.php\/2017\/05\/23\/webove-stranky-projektu-spatrily-svetlo-sveta\/\" class=\"more-link\">Read more<span class=\"more-link-arrow\"><\/span><\/a><\/div><\/div><\/div><footer class=\"entry-footer\"><\/footer><span class='hidden'>\n\t\t\t<span class='av-structured-data'  itemscope=\"itemscope\" itemtype=\"https:\/\/schema.org\/ImageObject\"  itemprop='image'>\n\t\t\t\t\t   <span itemprop='url' >https:\/\/tsipisek.eu\/wp-content\/uploads\/2017\/05\/2-kopie.png<\/span>\n\t\t\t\t\t   <span itemprop='height' >1440<\/span>\n\t\t\t\t\t   <span itemprop='width' >3716<\/span>\n\t\t\t\t  <\/span><span class='av-structured-data'  itemprop=\"publisher\" itemtype=\"https:\/\/schema.org\/Organization\" itemscope=\"itemscope\" >\n\t\t\t\t<span itemprop='name'>noc<\/span>\n\t\t\t\t<span itemprop='logo' itemscope itemtype='http:\/\/schema.org\/ImageObject'>\n\t\t\t\t   <span itemprop='url'>https:\/\/tsipisek.eu\/wp-content\/uploads\/2017\/02\/TSI-300x290.png<\/span>\n\t\t\t\t <\/span>\n\t\t\t  <\/span><span class='av-structured-data'  itemprop=\"author\" itemscope=\"itemscope\" itemtype=\"https:\/\/schema.org\/Person\" ><span itemprop='name'>noc<\/span><\/span><span class='av-structured-data'  itemprop=\"datePublished\" datetime=\"2017-03-15T11:45:38+01:00\" >2017-05-23 08:05:11<\/span><span class='av-structured-data'  itemprop=\"dateModified\" itemtype=\"https:\/\/schema.org\/dateModified\" >2017-09-15 12:17:51<\/span><span class='av-structured-data'  itemprop=\"mainEntityOfPage\" itemtype=\"https:\/\/schema.org\/mainEntityOfPage\" ><span itemprop='name'>Webov\u00e9 str\u00e1nky projektu e-Road spat\u0159ily sv\u011btlo sv\u011bta<\/span><\/span><\/span><\/article><article class='slide-entry flex_column  post-entry post-entry-142 slide-entry-overview slide-loop-6 slide-parity-even  av_one_fourth  real-thumbnail'  itemscope=\"itemscope\" itemtype=\"https:\/\/schema.org\/BlogPosting\" itemprop=\"blogPost\" ><a href='https:\/\/tsipisek.eu\/index.php\/2017\/05\/02\/forum-o-elektromobilite-v-bavorskem-teisnachu\/' data-rel='slide-1' class='slide-image' title=''><img loading=\"lazy\" decoding=\"async\" width=\"260\" height=\"185\" src=\"https:\/\/tsipisek.eu\/wp-content\/uploads\/2017\/05\/jdfkasdfjgkladskfljldasjfsd-260x185.jpg\" class=\"attachment-portfolio_small size-portfolio_small wp-post-image\" alt=\"\" \/><\/a><div class='slide-content'><header class=\"entry-content-header\"><h3 class='slide-entry-title entry-title'  itemprop=\"headline\" ><a href='https:\/\/tsipisek.eu\/index.php\/2017\/05\/02\/forum-o-elektromobilite-v-bavorskem-teisnachu\/' title='F\u00f3rum o elektromobilit\u011b v bavorsk\u00e9m Teisnachu'><div style=\"text-align: justify\">F\u00f3rum o elektromobilit\u011b v bavorsk\u00e9m Teisnachu<\/div><\/a><\/h3><span class=\"av-vertical-delimiter\"><\/span><\/header><div class='slide-meta'><time class='slide-meta-time updated'  itemprop=\"datePublished\" datetime=\"2017-05-02T07:49:06+02:00\" >2.5.2017<\/time><\/div><div class='slide-entry-excerpt entry-content'  itemprop=\"text\" >\r\n\r\n\r\n\r\n<div class=\"read-more-link\"><a href=\"https:\/\/tsipisek.eu\/index.php\/2017\/05\/02\/forum-o-elektromobilite-v-bavorskem-teisnachu\/\" class=\"more-link\">Read more<span class=\"more-link-arrow\"><\/span><\/a><\/div><\/div><\/div><footer class=\"entry-footer\"><\/footer><span class='hidden'>\n\t\t\t<span class='av-structured-data'  itemscope=\"itemscope\" itemtype=\"https:\/\/schema.org\/ImageObject\"  itemprop='image'>\n\t\t\t\t\t   <span itemprop='url' >https:\/\/tsipisek.eu\/wp-content\/uploads\/2017\/05\/jdfkasdfjgkladskfljldasjfsd.jpg<\/span>\n\t\t\t\t\t   <span itemprop='height' >835<\/span>\n\t\t\t\t\t   <span itemprop='width' >1472<\/span>\n\t\t\t\t  <\/span><span class='av-structured-data'  itemprop=\"publisher\" itemtype=\"https:\/\/schema.org\/Organization\" itemscope=\"itemscope\" >\n\t\t\t\t<span itemprop='name'>noc<\/span>\n\t\t\t\t<span itemprop='logo' itemscope itemtype='http:\/\/schema.org\/ImageObject'>\n\t\t\t\t   <span itemprop='url'>https:\/\/tsipisek.eu\/wp-content\/uploads\/2017\/02\/TSI-300x290.png<\/span>\n\t\t\t\t <\/span>\n\t\t\t  <\/span><span class='av-structured-data'  itemprop=\"author\" itemscope=\"itemscope\" itemtype=\"https:\/\/schema.org\/Person\" ><span itemprop='name'>noc<\/span><\/span><span class='av-structured-data'  itemprop=\"datePublished\" datetime=\"2017-03-15T11:45:38+01:00\" >2017-05-02 07:49:06<\/span><span class='av-structured-data'  itemprop=\"dateModified\" itemtype=\"https:\/\/schema.org\/dateModified\" >2017-09-25 14:17:54<\/span><span class='av-structured-data'  itemprop=\"mainEntityOfPage\" itemtype=\"https:\/\/schema.org\/mainEntityOfPage\" ><span itemprop='name'><div style=\"text-align: justify\">F\u00f3rum o elektromobilit\u011b v bavorsk\u00e9m Teisnachu<\/div><\/span><\/span><\/span><\/article><article class='slide-entry flex_column  post-entry post-entry-137 slide-entry-overview slide-loop-7 slide-parity-odd  av_one_fourth  real-thumbnail'  itemscope=\"itemscope\" itemtype=\"https:\/\/schema.org\/BlogPosting\" itemprop=\"blogPost\" ><a href='https:\/\/tsipisek.eu\/index.php\/2017\/04\/25\/elektromobilita-cesta-ke-zdravemu-zivotnimu-prostredi\/' data-rel='slide-1' class='slide-image' title=''><img loading=\"lazy\" decoding=\"async\" width=\"260\" height=\"185\" src=\"https:\/\/tsipisek.eu\/wp-content\/uploads\/2017\/04\/110307-F-PO994-001-260x185.jpg\" class=\"attachment-portfolio_small size-portfolio_small wp-post-image\" alt=\"\" \/><\/a><div class='slide-content'><header class=\"entry-content-header\"><h3 class='slide-entry-title entry-title'  itemprop=\"headline\" ><a href='https:\/\/tsipisek.eu\/index.php\/2017\/04\/25\/elektromobilita-cesta-ke-zdravemu-zivotnimu-prostredi\/' title=' Elektromobilita- cesta ke zdrav\u00e9mu \u017eivotn\u00edmu prost\u0159ed\u00ed '><div style=\"text-align: justify\"> Elektromobilita- cesta ke zdrav\u00e9mu \u017eivotn\u00edmu prost\u0159ed\u00ed <\/div><\/a><\/h3><span class=\"av-vertical-delimiter\"><\/span><\/header><div class='slide-meta'><time class='slide-meta-time updated'  itemprop=\"datePublished\" datetime=\"2017-04-25T08:33:43+02:00\" >25.4.2017<\/time><\/div><div class='slide-entry-excerpt entry-content'  itemprop=\"text\" >\r\n\r\n\r\n\r\n<div class=\"read-more-link\"><a href=\"https:\/\/tsipisek.eu\/index.php\/2017\/04\/25\/elektromobilita-cesta-ke-zdravemu-zivotnimu-prostredi\/\" class=\"more-link\">Read more<span class=\"more-link-arrow\"><\/span><\/a><\/div><\/div><\/div><footer class=\"entry-footer\"><\/footer><span class='hidden'>\n\t\t\t<span class='av-structured-data'  itemscope=\"itemscope\" itemtype=\"https:\/\/schema.org\/ImageObject\"  itemprop='image'>\n\t\t\t\t\t   <span itemprop='url' >https:\/\/tsipisek.eu\/wp-content\/uploads\/2017\/04\/110307-F-PO994-001.jpg<\/span>\n\t\t\t\t\t   <span itemprop='height' >1875<\/span>\n\t\t\t\t\t   <span itemprop='width' >2500<\/span>\n\t\t\t\t  <\/span><span class='av-structured-data'  itemprop=\"publisher\" itemtype=\"https:\/\/schema.org\/Organization\" itemscope=\"itemscope\" >\n\t\t\t\t<span itemprop='name'>noc<\/span>\n\t\t\t\t<span itemprop='logo' itemscope itemtype='http:\/\/schema.org\/ImageObject'>\n\t\t\t\t   <span itemprop='url'>https:\/\/tsipisek.eu\/wp-content\/uploads\/2017\/02\/TSI-300x290.png<\/span>\n\t\t\t\t <\/span>\n\t\t\t  <\/span><span class='av-structured-data'  itemprop=\"author\" itemscope=\"itemscope\" itemtype=\"https:\/\/schema.org\/Person\" ><span itemprop='name'>noc<\/span><\/span><span class='av-structured-data'  itemprop=\"datePublished\" datetime=\"2017-03-15T11:45:38+01:00\" >2017-04-25 08:33:43<\/span><span class='av-structured-data'  itemprop=\"dateModified\" itemtype=\"https:\/\/schema.org\/dateModified\" >2017-09-15 12:19:56<\/span><span class='av-structured-data'  itemprop=\"mainEntityOfPage\" itemtype=\"https:\/\/schema.org\/mainEntityOfPage\" ><span itemprop='name'><div style=\"text-align: justify\"> Elektromobilita- cesta ke zdrav\u00e9mu \u017eivotn\u00edmu prost\u0159ed\u00ed <\/div><\/span><\/span><\/span><\/article><article class='slide-entry flex_column  post-entry post-entry-118 slide-entry-overview slide-loop-8 slide-parity-even  av_one_fourth  real-thumbnail'  itemscope=\"itemscope\" itemtype=\"https:\/\/schema.org\/BlogPosting\" itemprop=\"blogPost\" ><a href='https:\/\/tsipisek.eu\/index.php\/2017\/03\/31\/projekt-e-road-nabil-baterie-a-muzeme-vyrazit\/' data-rel='slide-1' class='slide-image' title=''><img loading=\"lazy\" decoding=\"async\" width=\"260\" height=\"185\" src=\"https:\/\/tsipisek.eu\/wp-content\/uploads\/2017\/03\/eroad-260x185.jpg\" class=\"attachment-portfolio_small size-portfolio_small wp-post-image\" alt=\"\" \/><\/a><div class='slide-content'><header class=\"entry-content-header\"><h3 class='slide-entry-title entry-title'  itemprop=\"headline\" ><a href='https:\/\/tsipisek.eu\/index.php\/2017\/03\/31\/projekt-e-road-nabil-baterie-a-muzeme-vyrazit\/' title='Projekt e-Road nabil baterie a m\u016f\u017eeme vyrazit!'><div style=\"text-align: justify\">Projekt e-Road nabil baterie a m\u016f\u017eeme vyrazit!<\/div><\/a><\/h3><span class=\"av-vertical-delimiter\"><\/span><\/header><div class='slide-meta'><time class='slide-meta-time updated'  itemprop=\"datePublished\" datetime=\"2017-03-31T13:51:55+02:00\" >31.3.2017<\/time><\/div><div class='slide-entry-excerpt entry-content'  itemprop=\"text\" >\r\n\r\n\r\n\r\n<div class=\"read-more-link\"><a href=\"https:\/\/tsipisek.eu\/index.php\/2017\/03\/31\/projekt-e-road-nabil-baterie-a-muzeme-vyrazit\/\" class=\"more-link\">Read more<span class=\"more-link-arrow\"><\/span><\/a><\/div><\/div><\/div><footer class=\"entry-footer\"><\/footer><span class='hidden'>\n\t\t\t<span class='av-structured-data'  itemscope=\"itemscope\" itemtype=\"https:\/\/schema.org\/ImageObject\"  itemprop='image'>\n\t\t\t\t\t   <span itemprop='url' >https:\/\/tsipisek.eu\/wp-content\/uploads\/2017\/03\/eroad.jpg<\/span>\n\t\t\t\t\t   <span itemprop='height' >2448<\/span>\n\t\t\t\t\t   <span itemprop='width' >3264<\/span>\n\t\t\t\t  <\/span><span class='av-structured-data'  itemprop=\"publisher\" itemtype=\"https:\/\/schema.org\/Organization\" itemscope=\"itemscope\" >\n\t\t\t\t<span itemprop='name'>noc<\/span>\n\t\t\t\t<span itemprop='logo' itemscope itemtype='http:\/\/schema.org\/ImageObject'>\n\t\t\t\t   <span itemprop='url'>https:\/\/tsipisek.eu\/wp-content\/uploads\/2017\/02\/TSI-300x290.png<\/span>\n\t\t\t\t <\/span>\n\t\t\t  <\/span><span class='av-structured-data'  itemprop=\"author\" itemscope=\"itemscope\" itemtype=\"https:\/\/schema.org\/Person\" ><span itemprop='name'>noc<\/span><\/span><span class='av-structured-data'  itemprop=\"datePublished\" datetime=\"2017-03-15T11:45:38+01:00\" >2017-03-31 13:51:55<\/span><span class='av-structured-data'  itemprop=\"dateModified\" itemtype=\"https:\/\/schema.org\/dateModified\" >2017-09-15 12:20:59<\/span><span class='av-structured-data'  itemprop=\"mainEntityOfPage\" itemtype=\"https:\/\/schema.org\/mainEntityOfPage\" ><span itemprop='name'><div style=\"text-align: justify\">Projekt e-Road nabil baterie a m\u016f\u017eeme vyrazit!<\/div><\/span><\/span><\/span><\/article><\/div><div class='slide-entry-wrap'><article class='slide-entry flex_column  post-entry post-entry-107 slide-entry-overview slide-loop-9 slide-parity-odd  post-entry-last  av_one_fourth first real-thumbnail'  itemscope=\"itemscope\" itemtype=\"https:\/\/schema.org\/BlogPosting\" itemprop=\"blogPost\" ><a href='https:\/\/tsipisek.eu\/index.php\/2017\/03\/15\/startuje-projekt-e-road-pisek-deggendorf\/' data-rel='slide-1' class='slide-image' title=''><img loading=\"lazy\" decoding=\"async\" width=\"260\" height=\"185\" src=\"https:\/\/tsipisek.eu\/wp-content\/uploads\/2017\/03\/electric-car-338939_1920-260x185.jpg\" class=\"attachment-portfolio_small size-portfolio_small wp-post-image\" alt=\"\" \/><\/a><div class='slide-content'><header class=\"entry-content-header\"><h3 class='slide-entry-title entry-title'  itemprop=\"headline\" ><a href='https:\/\/tsipisek.eu\/index.php\/2017\/03\/15\/startuje-projekt-e-road-pisek-deggendorf\/' title='Startuje projekt e-road P\u00edsek - Deggendorf'><div style=\"text-align: justify\">Startuje projekt e-road P\u00edsek - Deggendorf<\/div><\/a><\/h3><span class=\"av-vertical-delimiter\"><\/span><\/header><div class='slide-meta'><div class='slide-meta-comments'><a href='https:\/\/tsipisek.eu\/index.php\/2017\/03\/15\/startuje-projekt-e-road-pisek-deggendorf\/#respond'>0 Koment\u00e1\u0159e<\/a><\/div><div class='slide-meta-del'>\/<\/div><time class='slide-meta-time updated'  itemprop=\"datePublished\" datetime=\"2017-03-15T11:45:38+01:00\" >15.3.2017<\/time><\/div><div class='slide-entry-excerpt entry-content'  itemprop=\"text\" >\r\n\r\n\r\n\r\n<div class=\"read-more-link\"><a href=\"https:\/\/tsipisek.eu\/index.php\/2017\/03\/15\/startuje-projekt-e-road-pisek-deggendorf\/\" class=\"more-link\">Read more<span class=\"more-link-arrow\"><\/span><\/a><\/div><\/div><\/div><footer class=\"entry-footer\"><\/footer><span class='hidden'>\n\t\t\t<span class='av-structured-data'  itemscope=\"itemscope\" itemtype=\"https:\/\/schema.org\/ImageObject\"  itemprop='image'>\n\t\t\t\t\t   <span itemprop='url' >https:\/\/tsipisek.eu\/wp-content\/uploads\/2017\/03\/electric-car-338939_1920.jpg<\/span>\n\t\t\t\t\t   <span itemprop='height' >1080<\/span>\n\t\t\t\t\t   <span itemprop='width' >1920<\/span>\n\t\t\t\t  <\/span><span class='av-structured-data'  itemprop=\"publisher\" itemtype=\"https:\/\/schema.org\/Organization\" itemscope=\"itemscope\" >\n\t\t\t\t<span itemprop='name'>noc<\/span>\n\t\t\t\t<span itemprop='logo' itemscope itemtype='http:\/\/schema.org\/ImageObject'>\n\t\t\t\t   <span itemprop='url'>https:\/\/tsipisek.eu\/wp-content\/uploads\/2017\/02\/TSI-300x290.png<\/span>\n\t\t\t\t <\/span>\n\t\t\t  <\/span><span class='av-structured-data'  itemprop=\"author\" itemscope=\"itemscope\" itemtype=\"https:\/\/schema.org\/Person\" ><span itemprop='name'>noc<\/span><\/span><span class='av-structured-data'  itemprop=\"datePublished\" datetime=\"2017-03-15T11:45:38+01:00\" >2017-03-15 11:45:38<\/span><span class='av-structured-data'  itemprop=\"dateModified\" itemtype=\"https:\/\/schema.org\/dateModified\" >2017-09-15 12:21:30<\/span><span class='av-structured-data'  itemprop=\"mainEntityOfPage\" itemtype=\"https:\/\/schema.org\/mainEntityOfPage\" ><span itemprop='name'><div style=\"text-align: justify\">Startuje projekt e-road P\u00edsek - Deggendorf<\/div><\/span><\/span><\/span><\/article><\/div><\/div><\/div>\n","protected":false},"excerpt":{"rendered":"","protected":false},"author":9,"featured_media":0,"parent":0,"menu_order":0,"comment_status":"closed","ping_status":"closed","template":"","meta":{"footnotes":""},"class_list":["post-97","page","type-page","status-publish","hentry"],"_links":{"self":[{"href":"https:\/\/tsipisek.eu\/index.php\/wp-json\/wp\/v2\/pages\/97","targetHints":{"allow":["GET"]}}],"collection":[{"href":"https:\/\/tsipisek.eu\/index.php\/wp-json\/wp\/v2\/pages"}],"about":[{"href":"https:\/\/tsipisek.eu\/index.php\/wp-json\/wp\/v2\/types\/page"}],"author":[{"embeddable":true,"href":"https:\/\/tsipisek.eu\/index.php\/wp-json\/wp\/v2\/users\/9"}],"replies":[{"embeddable":true,"href":"https:\/\/tsipisek.eu\/index.php\/wp-json\/wp\/v2\/comments?post=97"}],"version-history":[{"count":2,"href":"https:\/\/tsipisek.eu\/index.php\/wp-json\/wp\/v2\/pages\/97\/revisions"}],"predecessor-version":[{"id":116,"href":"https:\/\/tsipisek.eu\/index.php\/wp-json\/wp\/v2\/pages\/97\/revisions\/116"}],"wp:attachment":[{"href":"https:\/\/tsipisek.eu\/index.php\/wp-json\/wp\/v2\/media?parent=97"}],"curies":[{"name":"wp","href":"https:\/\/api.w.org\/{rel}","templated":true}]}}